{"id":15291,"date":"2020-12-10T12:03:11","date_gmt":"2020-12-10T20:03:11","guid":{"rendered":"https:\/\/destinationindigenous.ca\/?page_id=15291"},"modified":"2020-12-10T12:03:11","modified_gmt":"2020-12-10T20:03:11","slug":"culture-gastronomique","status":"publish","type":"page","link":"https:\/\/destinationindigenous.ca\/fr\/cuisine-autochtone\/culture-gastronomique\/","title":{"rendered":"Revitalisation culturelle, une bouch\u00e9e \u00e0 la fois"},"content":{"rendered":"<p>Nos traditions le savent \u2013 la nourriture doit \u00eatre cultiv\u00e9e, r\u00e9colt\u00e9e, pr\u00e9par\u00e9e et mang\u00e9e avec respect. Se r\u00e9unir autour de la table pour un repas est un acte qui rassemble la communaut\u00e9. Il s\u2019agit d\u2019un moment privil\u00e9gi\u00e9 pour nourrir le corps, l\u2019esprit et l\u2019\u00e2me avec la plus grande gratitude pour les aliments essentiels \u00e0 la vie.<\/p>\n","protected":false},"excerpt":{"rendered":"<p>Nos traditions le savent \u2013 la nourriture doit \u00eatre cultiv\u00e9e, r\u00e9colt\u00e9e, pr\u00e9par\u00e9e et mang\u00e9e avec respect. Se r\u00e9unir autour de [&hellip;]<\/p>\n","protected":false},"author":41,"featured_media":15288,"parent":15262,"menu_order":0,"comment_status":"closed","ping_status":"closed","template":"","meta":{"footnotes":""},"categories":[879],"tags":[],"class_list":["post-15291","page","type-page","status-publish","has-post-thumbnail","hentry","category-education-page-fr","listing_sub_type-gastronomie"],"yoast_head":"<!-- This site is optimized with the Yoast SEO Premium plugin v24.2 (Yoast SEO v24.2) - https:\/\/yoast.com\/wordpress\/plugins\/seo\/ -->\n<title>Revitalisation culturelle, une bouch\u00e9e \u00e0 la fois - Cuisine Autochtone<\/title>\n<meta name=\"description\" content=\"Nos traditions le savent \u2013 la nourriture doit \u00eatre cultiv\u00e9e, r\u00e9colt\u00e9e, pr\u00e9par\u00e9e et mang\u00e9e avec respect. Se r\u00e9unir autour de la table pour un repas est un acte qui rassemble la communaut\u00e9.\" \/>\n<meta name=\"robots\" content=\"index, follow, max-snippet:-1, max-image-preview:large, max-video-preview:-1\" \/>\n<link rel=\"canonical\" href=\"https:\/\/destinationindigenous.ca\/fr\/cuisine-autochtone\/culture-gastronomique\/\" \/>\n<meta property=\"og:locale\" content=\"fr_FR\" \/>\n<meta property=\"og:type\" content=\"article\" \/>\n<meta property=\"og:title\" content=\"Revitalisation culturelle, une bouch\u00e9e \u00e0 la fois\" \/>\n<meta property=\"og:description\" content=\"Nos traditions le savent \u2013 la nourriture doit \u00eatre cultiv\u00e9e, r\u00e9colt\u00e9e, pr\u00e9par\u00e9e et mang\u00e9e avec respect. Se r\u00e9unir autour de la table pour un repas est un acte qui rassemble la communaut\u00e9.\" \/>\n<meta property=\"og:url\" content=\"https:\/\/destinationindigenous.ca\/fr\/cuisine-autochtone\/culture-gastronomique\/\" \/>\n<meta property=\"og:site_name\" content=\"DI - Planificateur de s\u00e9jour\" \/>\n<meta property=\"og:image\" content=\"https:\/\/destinationindigenous.ca\/wp-content\/uploads\/2020\/12\/Simon-Sees-Tuesday-Reception-6441.jpg\" \/>\n\t<meta property=\"og:image:width\" content=\"2000\" \/>\n\t<meta property=\"og:image:height\" content=\"1335\" \/>\n\t<meta property=\"og:image:type\" content=\"image\/jpeg\" \/>\n<meta name=\"twitter:card\" content=\"summary_large_image\" \/>\n<script type=\"application\/ld+json\" class=\"yoast-schema-graph\">{\"@context\":\"https:\/\/schema.org\",\"@graph\":[{\"@type\":\"WebPage\",\"@id\":\"https:\/\/destinationindigenous.ca\/fr\/cuisine-autochtone\/culture-gastronomique\/\",\"url\":\"https:\/\/destinationindigenous.ca\/fr\/cuisine-autochtone\/culture-gastronomique\/\",\"name\":\"Revitalisation culturelle, une bouch\u00e9e \u00e0 la fois - Cuisine Autochtone\",\"isPartOf\":{\"@id\":\"https:\/\/destinationindigenous.ca\/fr\/#website\"},\"primaryImageOfPage\":{\"@id\":\"https:\/\/destinationindigenous.ca\/fr\/cuisine-autochtone\/culture-gastronomique\/#primaryimage\"},\"image\":{\"@id\":\"https:\/\/destinationindigenous.ca\/fr\/cuisine-autochtone\/culture-gastronomique\/#primaryimage\"},\"thumbnailUrl\":\"https:\/\/destinationindigenous.ca\/wp-content\/uploads\/2020\/12\/Simon-Sees-Tuesday-Reception-6441.jpg\",\"datePublished\":\"2020-12-10T20:03:11+00:00\",\"dateModified\":\"2020-12-10T20:03:11+00:00\",\"description\":\"Nos traditions le savent \u2013 la nourriture doit \u00eatre cultiv\u00e9e, r\u00e9colt\u00e9e, pr\u00e9par\u00e9e et mang\u00e9e avec respect. Se r\u00e9unir autour de la table pour un repas est un acte qui rassemble la communaut\u00e9.\",\"breadcrumb\":{\"@id\":\"https:\/\/destinationindigenous.ca\/fr\/cuisine-autochtone\/culture-gastronomique\/#breadcrumb\"},\"inLanguage\":\"fr-FR\",\"potentialAction\":[{\"@type\":\"ReadAction\",\"target\":[\"https:\/\/destinationindigenous.ca\/fr\/cuisine-autochtone\/culture-gastronomique\/\"]}]},{\"@type\":\"ImageObject\",\"inLanguage\":\"fr-FR\",\"@id\":\"https:\/\/destinationindigenous.ca\/fr\/cuisine-autochtone\/culture-gastronomique\/#primaryimage\",\"url\":\"https:\/\/destinationindigenous.ca\/wp-content\/uploads\/2020\/12\/Simon-Sees-Tuesday-Reception-6441.jpg\",\"contentUrl\":\"https:\/\/destinationindigenous.ca\/wp-content\/uploads\/2020\/12\/Simon-Sees-Tuesday-Reception-6441.jpg\",\"width\":2000,\"height\":1335},{\"@type\":\"BreadcrumbList\",\"@id\":\"https:\/\/destinationindigenous.ca\/fr\/cuisine-autochtone\/culture-gastronomique\/#breadcrumb\",\"itemListElement\":[{\"@type\":\"ListItem\",\"position\":1,\"name\":\"Home\",\"item\":\"https:\/\/destinationindigenous.ca\/fr\/\"},{\"@type\":\"ListItem\",\"position\":2,\"name\":\"Cuisine Autochtone\",\"item\":\"https:\/\/destinationindigenous.ca\/fr\/cuisine-autochtone\/\"},{\"@type\":\"ListItem\",\"position\":3,\"name\":\"Revitalisation culturelle, une bouch\u00e9e \u00e0 la fois\"}]},{\"@type\":\"WebSite\",\"@id\":\"https:\/\/destinationindigenous.ca\/fr\/#website\",\"url\":\"https:\/\/destinationindigenous.ca\/fr\/\",\"name\":\"DI - Planificateur de s\u00e9jour\",\"description\":\"Indigenous travel experiences from across Canada\",\"publisher\":{\"@id\":\"https:\/\/destinationindigenous.ca\/fr\/#organization\"},\"potentialAction\":[{\"@type\":\"SearchAction\",\"target\":{\"@type\":\"EntryPoint\",\"urlTemplate\":\"https:\/\/destinationindigenous.ca\/fr\/?s={search_term_string}\"},\"query-input\":{\"@type\":\"PropertyValueSpecification\",\"valueRequired\":true,\"valueName\":\"search_term_string\"}}],\"inLanguage\":\"fr-FR\"},{\"@type\":\"Organization\",\"@id\":\"https:\/\/destinationindigenous.ca\/fr\/#organization\",\"name\":\"Destination Indigenous\",\"url\":\"https:\/\/destinationindigenous.ca\/fr\/\",\"logo\":{\"@type\":\"ImageObject\",\"inLanguage\":\"fr-FR\",\"@id\":\"https:\/\/destinationindigenous.ca\/fr\/#\/schema\/logo\/image\/\",\"url\":\"https:\/\/destinationindigenous.ca\/wp-content\/uploads\/2022\/08\/di-logo-navbar@2x.png\",\"contentUrl\":\"https:\/\/destinationindigenous.ca\/wp-content\/uploads\/2022\/08\/di-logo-navbar@2x.png\",\"width\":960,\"height\":61,\"caption\":\"Destination Indigenous\"},\"image\":{\"@id\":\"https:\/\/destinationindigenous.ca\/fr\/#\/schema\/logo\/image\/\"}}]}<\/script>\n<!-- \/ Yoast SEO Premium plugin. -->","yoast_head_json":{"title":"Revitalisation culturelle, une bouch\u00e9e \u00e0 la fois - Cuisine Autochtone","description":"Nos traditions le savent \u2013 la nourriture doit \u00eatre cultiv\u00e9e, r\u00e9colt\u00e9e, pr\u00e9par\u00e9e et mang\u00e9e avec respect. Se r\u00e9unir autour de la table pour un repas est un acte qui rassemble la communaut\u00e9.","robots":{"index":"index","follow":"follow","max-snippet":"max-snippet:-1","max-image-preview":"max-image-preview:large","max-video-preview":"max-video-preview:-1"},"canonical":"https:\/\/destinationindigenous.ca\/fr\/cuisine-autochtone\/culture-gastronomique\/","og_locale":"fr_FR","og_type":"article","og_title":"Revitalisation culturelle, une bouch\u00e9e \u00e0 la fois","og_description":"Nos traditions le savent \u2013 la nourriture doit \u00eatre cultiv\u00e9e, r\u00e9colt\u00e9e, pr\u00e9par\u00e9e et mang\u00e9e avec respect. Se r\u00e9unir autour de la table pour un repas est un acte qui rassemble la communaut\u00e9.","og_url":"https:\/\/destinationindigenous.ca\/fr\/cuisine-autochtone\/culture-gastronomique\/","og_site_name":"DI - Planificateur de s\u00e9jour","og_image":[{"width":2000,"height":1335,"url":"https:\/\/destinationindigenous.ca\/wp-content\/uploads\/2020\/12\/Simon-Sees-Tuesday-Reception-6441.jpg","type":"image\/jpeg"}],"twitter_card":"summary_large_image","schema":{"@context":"https:\/\/schema.org","@graph":[{"@type":"WebPage","@id":"https:\/\/destinationindigenous.ca\/fr\/cuisine-autochtone\/culture-gastronomique\/","url":"https:\/\/destinationindigenous.ca\/fr\/cuisine-autochtone\/culture-gastronomique\/","name":"Revitalisation culturelle, une bouch\u00e9e \u00e0 la fois - Cuisine Autochtone","isPartOf":{"@id":"https:\/\/destinationindigenous.ca\/fr\/#website"},"primaryImageOfPage":{"@id":"https:\/\/destinationindigenous.ca\/fr\/cuisine-autochtone\/culture-gastronomique\/#primaryimage"},"image":{"@id":"https:\/\/destinationindigenous.ca\/fr\/cuisine-autochtone\/culture-gastronomique\/#primaryimage"},"thumbnailUrl":"https:\/\/destinationindigenous.ca\/wp-content\/uploads\/2020\/12\/Simon-Sees-Tuesday-Reception-6441.jpg","datePublished":"2020-12-10T20:03:11+00:00","dateModified":"2020-12-10T20:03:11+00:00","description":"Nos traditions le savent \u2013 la nourriture doit \u00eatre cultiv\u00e9e, r\u00e9colt\u00e9e, pr\u00e9par\u00e9e et mang\u00e9e avec respect. Se r\u00e9unir autour de la table pour un repas est un acte qui rassemble la communaut\u00e9.","breadcrumb":{"@id":"https:\/\/destinationindigenous.ca\/fr\/cuisine-autochtone\/culture-gastronomique\/#breadcrumb"},"inLanguage":"fr-FR","potentialAction":[{"@type":"ReadAction","target":["https:\/\/destinationindigenous.ca\/fr\/cuisine-autochtone\/culture-gastronomique\/"]}]},{"@type":"ImageObject","inLanguage":"fr-FR","@id":"https:\/\/destinationindigenous.ca\/fr\/cuisine-autochtone\/culture-gastronomique\/#primaryimage","url":"https:\/\/destinationindigenous.ca\/wp-content\/uploads\/2020\/12\/Simon-Sees-Tuesday-Reception-6441.jpg","contentUrl":"https:\/\/destinationindigenous.ca\/wp-content\/uploads\/2020\/12\/Simon-Sees-Tuesday-Reception-6441.jpg","width":2000,"height":1335},{"@type":"BreadcrumbList","@id":"https:\/\/destinationindigenous.ca\/fr\/cuisine-autochtone\/culture-gastronomique\/#breadcrumb","itemListElement":[{"@type":"ListItem","position":1,"name":"Home","item":"https:\/\/destinationindigenous.ca\/fr\/"},{"@type":"ListItem","position":2,"name":"Cuisine Autochtone","item":"https:\/\/destinationindigenous.ca\/fr\/cuisine-autochtone\/"},{"@type":"ListItem","position":3,"name":"Revitalisation culturelle, une bouch\u00e9e \u00e0 la fois"}]},{"@type":"WebSite","@id":"https:\/\/destinationindigenous.ca\/fr\/#website","url":"https:\/\/destinationindigenous.ca\/fr\/","name":"DI - Planificateur de s\u00e9jour","description":"Indigenous travel experiences from across Canada","publisher":{"@id":"https:\/\/destinationindigenous.ca\/fr\/#organization"},"potentialAction":[{"@type":"SearchAction","target":{"@type":"EntryPoint","urlTemplate":"https:\/\/destinationindigenous.ca\/fr\/?s={search_term_string}"},"query-input":{"@type":"PropertyValueSpecification","valueRequired":true,"valueName":"search_term_string"}}],"inLanguage":"fr-FR"},{"@type":"Organization","@id":"https:\/\/destinationindigenous.ca\/fr\/#organization","name":"Destination Indigenous","url":"https:\/\/destinationindigenous.ca\/fr\/","logo":{"@type":"ImageObject","inLanguage":"fr-FR","@id":"https:\/\/destinationindigenous.ca\/fr\/#\/schema\/logo\/image\/","url":"https:\/\/destinationindigenous.ca\/wp-content\/uploads\/2022\/08\/di-logo-navbar@2x.png","contentUrl":"https:\/\/destinationindigenous.ca\/wp-content\/uploads\/2022\/08\/di-logo-navbar@2x.png","width":960,"height":61,"caption":"Destination Indigenous"},"image":{"@id":"https:\/\/destinationindigenous.ca\/fr\/#\/schema\/logo\/image\/"}}]}},"_links":{"self":[{"href":"https:\/\/destinationindigenous.ca\/fr\/wp-json\/wp\/v2\/pages\/15291","targetHints":{"allow":["GET"]}}],"collection":[{"href":"https:\/\/destinationindigenous.ca\/fr\/wp-json\/wp\/v2\/pages"}],"about":[{"href":"https:\/\/destinationindigenous.ca\/fr\/wp-json\/wp\/v2\/types\/page"}],"author":[{"embeddable":true,"href":"https:\/\/destinationindigenous.ca\/fr\/wp-json\/wp\/v2\/users\/41"}],"replies":[{"embeddable":true,"href":"https:\/\/destinationindigenous.ca\/fr\/wp-json\/wp\/v2\/comments?post=15291"}],"version-history":[{"count":0,"href":"https:\/\/destinationindigenous.ca\/fr\/wp-json\/wp\/v2\/pages\/15291\/revisions"}],"up":[{"embeddable":true,"href":"https:\/\/destinationindigenous.ca\/fr\/wp-json\/wp\/v2\/pages\/15262"}],"wp:featuredmedia":[{"embeddable":true,"href":"https:\/\/destinationindigenous.ca\/fr\/wp-json\/wp\/v2\/media\/15288"}],"wp:attachment":[{"href":"https:\/\/destinationindigenous.ca\/fr\/wp-json\/wp\/v2\/media?parent=15291"}],"wp:term":[{"taxonomy":"category","embeddable":true,"href":"https:\/\/destinationindigenous.ca\/fr\/wp-json\/wp\/v2\/categories?post=15291"},{"taxonomy":"post_tag","embeddable":true,"href":"https:\/\/destinationindigenous.ca\/fr\/wp-json\/wp\/v2\/tags?post=15291"}],"curies":[{"name":"wp","href":"https:\/\/api.w.org\/{rel}","templated":true}]}}